{"id":125,"date":"2016-03-22T10:38:47","date_gmt":"2016-03-22T10:38:47","guid":{"rendered":"http:\/\/www.periciadocumental.es\/?page_id=125"},"modified":"2017-03-03T20:37:55","modified_gmt":"2017-03-03T20:37:55","slug":"fotografia-profesional","status":"publish","type":"page","link":"https:\/\/www.periciadocumental.es\/index.php\/servicios\/fotografia-profesional\/","title":{"rendered":"Fotograf\u00eda"},"content":{"rendered":"<h3>\u00a0<img loading=\"lazy\" decoding=\"async\" class=\"aligncenter size-full wp-image-284\" src=\"http:\/\/www.periciadocumental.es\/wp-content\/uploads\/2016\/03\/Carta-color-web.jpg\" alt=\"Carta color web\" width=\"912\" height=\"664\" srcset=\"https:\/\/www.periciadocumental.es\/wp-content\/uploads\/2016\/03\/Carta-color-web.jpg 912w, https:\/\/www.periciadocumental.es\/wp-content\/uploads\/2016\/03\/Carta-color-web-300x218.jpg 300w, https:\/\/www.periciadocumental.es\/wp-content\/uploads\/2016\/03\/Carta-color-web-768x559.jpg 768w, https:\/\/www.periciadocumental.es\/wp-content\/uploads\/2016\/03\/Carta-color-web-481x350.jpg 481w\" sizes=\"auto, (max-width: 912px) 100vw, 912px\" \/><\/h3>\n<h3><strong>Fotografiamos obras de arte con destino a la\u00a0 digitalizaci\u00f3n. Tambi\u00e9n realizamos sesiones con productos o documentos donde el color sea un elemento importante. Una adecuada gesti\u00f3n en el\u00a0 proceso de fotograf\u00eda es una herramienta fundamental para\u00a0 preservar los colores originales en su versi\u00f3n digital. Ya sea para vender un producto en tienda online, para elaborar un cat\u00e1logo o mandar im\u00e1genes a trav\u00e9s de un simple email y que el destinatario vea una reproducci\u00f3n lo m\u00e1s fiel posible del original.<\/strong><\/h3>\n<p>&nbsp;<\/p>\n<figure id=\"attachment_163\" aria-describedby=\"caption-attachment-163\" style=\"width: 500px\" class=\"wp-caption aligncenter\"><img loading=\"lazy\" decoding=\"async\" class=\"wp-image-163 size-full\" src=\"http:\/\/www.periciadocumental.es\/wp-content\/uploads\/2016\/03\/Camara.jpg\" alt=\"Servicio de fotograf\u00eda profesional, en este caso en un evento educativo\" width=\"500\" height=\"375\" srcset=\"https:\/\/www.periciadocumental.es\/wp-content\/uploads\/2016\/03\/Camara.jpg 500w, https:\/\/www.periciadocumental.es\/wp-content\/uploads\/2016\/03\/Camara-300x225.jpg 300w, https:\/\/www.periciadocumental.es\/wp-content\/uploads\/2016\/03\/Camara-467x350.jpg 467w\" sizes=\"auto, (max-width: 500px) 100vw, 500px\" \/><figcaption id=\"caption-attachment-163\" class=\"wp-caption-text\">Servicio de fotograf\u00eda profesional, en este caso en un evento educativo<\/figcaption><\/figure>\n<p>Disponemos de un completo equipo fotogr\u00e1fico, tanto en luz continua como en\u00a0 flash y todo un flujo de trabajo preparado para una gesti\u00f3n de color adecuada. Mediante luz normalizada\u00a0 y cartas de color espec\u00edficas para calibrar c\u00e1maras fotogr\u00e1ficas, realizamos una post-producci\u00f3n adecuada en la suite <em>Adobe Creative<\/em> y entregamos al cliente los archivos finales. Nos desplazamos en toda Espa\u00f1a con los equipos.<\/p>\n<p>&nbsp;<\/p>\n<h3><strong>Nuestros servicios son:<\/strong><\/h3>\n<ol>\n<li><strong>Digitalizaci\u00f3n con \u00e1nimo de preservaci\u00f3n de obras de arte, elementos arqueol\u00f3gicos, &#8230;<\/strong><\/li>\n<li><strong>Fotograf\u00eda de obras art\u00edsticas para museos, galer\u00edas de arte, coleccionistas,cat\u00e1logos &#8230;<\/strong><\/li>\n<li><strong>Fotograf\u00eda de producto con destino a cat\u00e1logos <em>online<\/em> o impresos.<\/strong><\/li>\n<li><strong>Fotograf\u00eda y\/o digitalizaci\u00f3n de documentos.<\/strong><\/li>\n<li><strong>Somos consultores en gesti\u00f3n del color en digitalizaci\u00f3n o fotograf\u00eda de producto de alta calidad.<\/strong><\/li>\n<li><strong>Fotograf\u00eda en bandas no visibles del espectro ultravioleta UV e Infrarrojo IR as\u00ed como fotograf\u00eda en varias bandas del espectro visible.<\/strong><\/li>\n<\/ol>\n<p>&nbsp;<\/p>\n<figure id=\"attachment_862\" aria-describedby=\"caption-attachment-862\" style=\"width: 800px\" class=\"wp-caption aligncenter\"><img loading=\"lazy\" decoding=\"async\" class=\"wp-image-862 size-full\" src=\"http:\/\/www.periciadocumental.es\/wp-content\/uploads\/2017\/03\/Bodegon_color.jpg\" width=\"800\" height=\"722\" srcset=\"https:\/\/www.periciadocumental.es\/wp-content\/uploads\/2017\/03\/Bodegon_color.jpg 800w, https:\/\/www.periciadocumental.es\/wp-content\/uploads\/2017\/03\/Bodegon_color-300x271.jpg 300w, https:\/\/www.periciadocumental.es\/wp-content\/uploads\/2017\/03\/Bodegon_color-768x693.jpg 768w\" sizes=\"auto, (max-width: 800px) 100vw, 800px\" \/><figcaption id=\"caption-attachment-862\" class=\"wp-caption-text\">Bodeg\u00f3n con carta de color en un taller de gesti\u00f3n de color en c\u00e1mara<\/figcaption><\/figure>\n<p>Elaboramos un dossier con las posibilidades t\u00e9cnicas y\/o requerimientos\u00a0 de la tarea a ejecutar para que nuestro cliente tenga toda la informaci\u00f3n al respecto. Solicite presupuesto sin compromiso con sus necesidades espec\u00edficas.<\/p>\n<p>Cualquier fotograf\u00eda se entregar\u00e1 si se solicita con un informe preciso de calidad colorim\u00e9trica con valores CIElab y DeltaE, tanto en CIE76 como CIE00, gracias al an\u00e1lisis de las referencias de color en Adobe Photoshop, por lo que controlaremos que todo el proceso de color haya sido el id\u00f3neo.<\/p>\n<p>&nbsp;<\/p>\n<p>&nbsp;<\/p>\n<p>&nbsp;<\/p>\n","protected":false},"excerpt":{"rendered":"<p>\u00a0 Fotografiamos obras de arte con destino a la\u00a0 digitalizaci\u00f3n. Tambi\u00e9n realizamos sesiones con productos o documentos donde el color sea un elemento importante. Una adecuada gesti\u00f3n en el\u00a0 proceso de fotograf\u00eda es una herramienta fundamental para\u00a0 preservar los colores originales en su versi\u00f3n digital. Ya sea para vender un&#8230;<\/p>\n","protected":false},"author":1,"featured_media":243,"parent":529,"menu_order":0,"comment_status":"closed","ping_status":"closed","template":"templates\/full-width-page.php","meta":{"footnotes":""},"class_list":["post-125","page","type-page","status-publish","has-post-thumbnail","hentry"],"yoast_head":"<!-- This site is optimized with the Yoast SEO plugin v25.7 - https:\/\/yoast.com\/wordpress\/plugins\/seo\/ -->\n<title>Fotograf\u00eda - Pericia Documental<\/title>\n<meta name=\"description\" content=\"Fotograf\u00eda profesional de producto y gesti\u00f3n de color digital. Servicios de reproducci\u00f3n de obras de arte.\" \/>\n<meta name=\"robots\" content=\"index, follow, max-snippet:-1, max-image-preview:large, max-video-preview:-1\" \/>\n<link rel=\"canonical\" href=\"https:\/\/www.periciadocumental.es\/index.php\/servicios\/fotografia-profesional\/\" \/>\n<meta property=\"og:locale\" content=\"es_ES\" \/>\n<meta property=\"og:type\" content=\"article\" \/>\n<meta property=\"og:title\" content=\"Fotograf\u00eda - Pericia Documental\" \/>\n<meta property=\"og:description\" content=\"Fotograf\u00eda profesional de producto y gesti\u00f3n de color digital. Servicios de reproducci\u00f3n de obras de arte.\" \/>\n<meta property=\"og:url\" content=\"https:\/\/www.periciadocumental.es\/index.php\/servicios\/fotografia-profesional\/\" \/>\n<meta property=\"og:site_name\" content=\"Pericia Documental\" \/>\n<meta property=\"article:modified_time\" content=\"2017-03-03T20:37:55+00:00\" \/>\n<meta property=\"og:image\" content=\"https:\/\/www.periciadocumental.es\/wp-content\/uploads\/2016\/03\/Zenith.jpg\" \/>\n\t<meta property=\"og:image:width\" content=\"1024\" \/>\n\t<meta property=\"og:image:height\" content=\"576\" \/>\n\t<meta property=\"og:image:type\" content=\"image\/jpeg\" \/>\n<meta name=\"twitter:card\" content=\"summary_large_image\" \/>\n<meta name=\"twitter:label1\" content=\"Tiempo de lectura\" \/>\n\t<meta name=\"twitter:data1\" content=\"2 minutos\" \/>\n<script type=\"application\/ld+json\" class=\"yoast-schema-graph\">{\"@context\":\"https:\/\/schema.org\",\"@graph\":[{\"@type\":\"WebPage\",\"@id\":\"https:\/\/www.periciadocumental.es\/index.php\/servicios\/fotografia-profesional\/\",\"url\":\"https:\/\/www.periciadocumental.es\/index.php\/servicios\/fotografia-profesional\/\",\"name\":\"Fotograf\u00eda - Pericia Documental\",\"isPartOf\":{\"@id\":\"https:\/\/www.periciadocumental.es\/#website\"},\"primaryImageOfPage\":{\"@id\":\"https:\/\/www.periciadocumental.es\/index.php\/servicios\/fotografia-profesional\/#primaryimage\"},\"image\":{\"@id\":\"https:\/\/www.periciadocumental.es\/index.php\/servicios\/fotografia-profesional\/#primaryimage\"},\"thumbnailUrl\":\"https:\/\/www.periciadocumental.es\/wp-content\/uploads\/2016\/03\/Zenith.jpg\",\"datePublished\":\"2016-03-22T10:38:47+00:00\",\"dateModified\":\"2017-03-03T20:37:55+00:00\",\"description\":\"Fotograf\u00eda profesional de producto y gesti\u00f3n de color digital. Servicios de reproducci\u00f3n de obras de arte.\",\"breadcrumb\":{\"@id\":\"https:\/\/www.periciadocumental.es\/index.php\/servicios\/fotografia-profesional\/#breadcrumb\"},\"inLanguage\":\"es\",\"potentialAction\":[{\"@type\":\"ReadAction\",\"target\":[\"https:\/\/www.periciadocumental.es\/index.php\/servicios\/fotografia-profesional\/\"]}]},{\"@type\":\"ImageObject\",\"inLanguage\":\"es\",\"@id\":\"https:\/\/www.periciadocumental.es\/index.php\/servicios\/fotografia-profesional\/#primaryimage\",\"url\":\"https:\/\/www.periciadocumental.es\/wp-content\/uploads\/2016\/03\/Zenith.jpg\",\"contentUrl\":\"https:\/\/www.periciadocumental.es\/wp-content\/uploads\/2016\/03\/Zenith.jpg\",\"width\":1024,\"height\":576,\"caption\":\"Vieja Zenith con objetivo Helios\"},{\"@type\":\"BreadcrumbList\",\"@id\":\"https:\/\/www.periciadocumental.es\/index.php\/servicios\/fotografia-profesional\/#breadcrumb\",\"itemListElement\":[{\"@type\":\"ListItem\",\"position\":1,\"name\":\"Portada\",\"item\":\"https:\/\/www.periciadocumental.es\/\"},{\"@type\":\"ListItem\",\"position\":2,\"name\":\"Servicios profesionales\",\"item\":\"https:\/\/www.periciadocumental.es\/index.php\/servicios\/\"},{\"@type\":\"ListItem\",\"position\":3,\"name\":\"Fotograf\u00eda\"}]},{\"@type\":\"WebSite\",\"@id\":\"https:\/\/www.periciadocumental.es\/#website\",\"url\":\"https:\/\/www.periciadocumental.es\/\",\"name\":\"Pericia Documental\",\"description\":\"\",\"publisher\":{\"@id\":\"https:\/\/www.periciadocumental.es\/#\/schema\/person\/33d1b5f3f9e7bf3cdbd467540db25a3f\"},\"potentialAction\":[{\"@type\":\"SearchAction\",\"target\":{\"@type\":\"EntryPoint\",\"urlTemplate\":\"https:\/\/www.periciadocumental.es\/?s={search_term_string}\"},\"query-input\":{\"@type\":\"PropertyValueSpecification\",\"valueRequired\":true,\"valueName\":\"search_term_string\"}}],\"inLanguage\":\"es\"},{\"@type\":[\"Person\",\"Organization\"],\"@id\":\"https:\/\/www.periciadocumental.es\/#\/schema\/person\/33d1b5f3f9e7bf3cdbd467540db25a3f\",\"name\":\"Iv\u00e1n\",\"image\":{\"@type\":\"ImageObject\",\"inLanguage\":\"es\",\"@id\":\"https:\/\/www.periciadocumental.es\/#\/schema\/person\/image\/\",\"url\":\"https:\/\/www.periciadocumental.es\/wp-content\/uploads\/2022\/03\/Logo_p.png\",\"contentUrl\":\"https:\/\/www.periciadocumental.es\/wp-content\/uploads\/2022\/03\/Logo_p.png\",\"width\":299,\"height\":58,\"caption\":\"Iv\u00e1n\"},\"logo\":{\"@id\":\"https:\/\/www.periciadocumental.es\/#\/schema\/person\/image\/\"}}]}<\/script>\n<!-- \/ Yoast SEO plugin. -->","yoast_head_json":{"title":"Fotograf\u00eda - Pericia Documental","description":"Fotograf\u00eda profesional de producto y gesti\u00f3n de color digital. Servicios de reproducci\u00f3n de obras de arte.","robots":{"index":"index","follow":"follow","max-snippet":"max-snippet:-1","max-image-preview":"max-image-preview:large","max-video-preview":"max-video-preview:-1"},"canonical":"https:\/\/www.periciadocumental.es\/index.php\/servicios\/fotografia-profesional\/","og_locale":"es_ES","og_type":"article","og_title":"Fotograf\u00eda - Pericia Documental","og_description":"Fotograf\u00eda profesional de producto y gesti\u00f3n de color digital. Servicios de reproducci\u00f3n de obras de arte.","og_url":"https:\/\/www.periciadocumental.es\/index.php\/servicios\/fotografia-profesional\/","og_site_name":"Pericia Documental","article_modified_time":"2017-03-03T20:37:55+00:00","og_image":[{"width":1024,"height":576,"url":"https:\/\/www.periciadocumental.es\/wp-content\/uploads\/2016\/03\/Zenith.jpg","type":"image\/jpeg"}],"twitter_card":"summary_large_image","twitter_misc":{"Tiempo de lectura":"2 minutos"},"schema":{"@context":"https:\/\/schema.org","@graph":[{"@type":"WebPage","@id":"https:\/\/www.periciadocumental.es\/index.php\/servicios\/fotografia-profesional\/","url":"https:\/\/www.periciadocumental.es\/index.php\/servicios\/fotografia-profesional\/","name":"Fotograf\u00eda - Pericia Documental","isPartOf":{"@id":"https:\/\/www.periciadocumental.es\/#website"},"primaryImageOfPage":{"@id":"https:\/\/www.periciadocumental.es\/index.php\/servicios\/fotografia-profesional\/#primaryimage"},"image":{"@id":"https:\/\/www.periciadocumental.es\/index.php\/servicios\/fotografia-profesional\/#primaryimage"},"thumbnailUrl":"https:\/\/www.periciadocumental.es\/wp-content\/uploads\/2016\/03\/Zenith.jpg","datePublished":"2016-03-22T10:38:47+00:00","dateModified":"2017-03-03T20:37:55+00:00","description":"Fotograf\u00eda profesional de producto y gesti\u00f3n de color digital. Servicios de reproducci\u00f3n de obras de arte.","breadcrumb":{"@id":"https:\/\/www.periciadocumental.es\/index.php\/servicios\/fotografia-profesional\/#breadcrumb"},"inLanguage":"es","potentialAction":[{"@type":"ReadAction","target":["https:\/\/www.periciadocumental.es\/index.php\/servicios\/fotografia-profesional\/"]}]},{"@type":"ImageObject","inLanguage":"es","@id":"https:\/\/www.periciadocumental.es\/index.php\/servicios\/fotografia-profesional\/#primaryimage","url":"https:\/\/www.periciadocumental.es\/wp-content\/uploads\/2016\/03\/Zenith.jpg","contentUrl":"https:\/\/www.periciadocumental.es\/wp-content\/uploads\/2016\/03\/Zenith.jpg","width":1024,"height":576,"caption":"Vieja Zenith con objetivo Helios"},{"@type":"BreadcrumbList","@id":"https:\/\/www.periciadocumental.es\/index.php\/servicios\/fotografia-profesional\/#breadcrumb","itemListElement":[{"@type":"ListItem","position":1,"name":"Portada","item":"https:\/\/www.periciadocumental.es\/"},{"@type":"ListItem","position":2,"name":"Servicios profesionales","item":"https:\/\/www.periciadocumental.es\/index.php\/servicios\/"},{"@type":"ListItem","position":3,"name":"Fotograf\u00eda"}]},{"@type":"WebSite","@id":"https:\/\/www.periciadocumental.es\/#website","url":"https:\/\/www.periciadocumental.es\/","name":"Pericia Documental","description":"","publisher":{"@id":"https:\/\/www.periciadocumental.es\/#\/schema\/person\/33d1b5f3f9e7bf3cdbd467540db25a3f"},"potentialAction":[{"@type":"SearchAction","target":{"@type":"EntryPoint","urlTemplate":"https:\/\/www.periciadocumental.es\/?s={search_term_string}"},"query-input":{"@type":"PropertyValueSpecification","valueRequired":true,"valueName":"search_term_string"}}],"inLanguage":"es"},{"@type":["Person","Organization"],"@id":"https:\/\/www.periciadocumental.es\/#\/schema\/person\/33d1b5f3f9e7bf3cdbd467540db25a3f","name":"Iv\u00e1n","image":{"@type":"ImageObject","inLanguage":"es","@id":"https:\/\/www.periciadocumental.es\/#\/schema\/person\/image\/","url":"https:\/\/www.periciadocumental.es\/wp-content\/uploads\/2022\/03\/Logo_p.png","contentUrl":"https:\/\/www.periciadocumental.es\/wp-content\/uploads\/2022\/03\/Logo_p.png","width":299,"height":58,"caption":"Iv\u00e1n"},"logo":{"@id":"https:\/\/www.periciadocumental.es\/#\/schema\/person\/image\/"}}]}},"_links":{"self":[{"href":"https:\/\/www.periciadocumental.es\/index.php\/wp-json\/wp\/v2\/pages\/125","targetHints":{"allow":["GET"]}}],"collection":[{"href":"https:\/\/www.periciadocumental.es\/index.php\/wp-json\/wp\/v2\/pages"}],"about":[{"href":"https:\/\/www.periciadocumental.es\/index.php\/wp-json\/wp\/v2\/types\/page"}],"author":[{"embeddable":true,"href":"https:\/\/www.periciadocumental.es\/index.php\/wp-json\/wp\/v2\/users\/1"}],"replies":[{"embeddable":true,"href":"https:\/\/www.periciadocumental.es\/index.php\/wp-json\/wp\/v2\/comments?post=125"}],"version-history":[{"count":29,"href":"https:\/\/www.periciadocumental.es\/index.php\/wp-json\/wp\/v2\/pages\/125\/revisions"}],"predecessor-version":[{"id":876,"href":"https:\/\/www.periciadocumental.es\/index.php\/wp-json\/wp\/v2\/pages\/125\/revisions\/876"}],"up":[{"embeddable":true,"href":"https:\/\/www.periciadocumental.es\/index.php\/wp-json\/wp\/v2\/pages\/529"}],"wp:featuredmedia":[{"embeddable":true,"href":"https:\/\/www.periciadocumental.es\/index.php\/wp-json\/wp\/v2\/media\/243"}],"wp:attachment":[{"href":"https:\/\/www.periciadocumental.es\/index.php\/wp-json\/wp\/v2\/media?parent=125"}],"curies":[{"name":"wp","href":"https:\/\/api.w.org\/{rel}","templated":true}]}}